{"id":200,"date":"2019-06-15T15:31:23","date_gmt":"2019-06-15T13:31:23","guid":{"rendered":"https:\/\/www.proyectohombreprovinciacadiz.org\/?page_id=200"},"modified":"2019-06-15T15:45:47","modified_gmt":"2019-06-15T13:45:47","slug":"mision-vision-y-valores","status":"publish","type":"page","link":"https:\/\/www.proyectohombreprovinciacadiz.org\/index.php\/mision-vision-y-valores\/","title":{"rendered":"Misi\u00f3n, visi\u00f3n y valores"},"content":{"rendered":"\t\t<div data-elementor-type=\"wp-post\" data-elementor-id=\"200\" class=\"elementor elementor-200\" data-elementor-post-type=\"page\">\n\t\t\t\t\t\t<section class=\"elementor-section elementor-top-section elementor-element elementor-element-0490dfa elementor-section-boxed elementor-section-height-default elementor-section-height-default\" data-id=\"0490dfa\" data-element_type=\"section\" data-settings=\"{&quot;jet_parallax_layout_list&quot;:[{&quot;jet_parallax_layout_image&quot;:{&quot;url&quot;:&quot;&quot;,&quot;id&quot;:&quot;&quot;,&quot;size&quot;:&quot;&quot;},&quot;_id&quot;:&quot;c00da65&quot;,&quot;jet_parallax_layout_image_tablet&quot;:{&quot;url&quot;:&quot;&quot;,&quot;id&quot;:&quot;&quot;,&quot;size&quot;:&quot;&quot;},&quot;jet_parallax_layout_image_mobile&quot;:{&quot;url&quot;:&quot;&quot;,&quot;id&quot;:&quot;&quot;,&quot;size&quot;:&quot;&quot;},&quot;jet_parallax_layout_speed&quot;:{&quot;unit&quot;:&quot;%&quot;,&quot;size&quot;:50,&quot;sizes&quot;:[]},&quot;jet_parallax_layout_type&quot;:&quot;scroll&quot;,&quot;jet_parallax_layout_z_index&quot;:&quot;&quot;,&quot;jet_parallax_layout_bg_x&quot;:50,&quot;jet_parallax_layout_bg_y&quot;:50,&quot;jet_parallax_layout_bg_size&quot;:&quot;auto&quot;,&quot;jet_parallax_layout_animation_prop&quot;:&quot;transform&quot;,&quot;jet_parallax_layout_on&quot;:[&quot;desktop&quot;,&quot;tablet&quot;],&quot;jet_parallax_layout_direction&quot;:null,&quot;jet_parallax_layout_fx_direction&quot;:null,&quot;jet_parallax_layout_bg_x_tablet&quot;:&quot;&quot;,&quot;jet_parallax_layout_bg_x_mobile&quot;:&quot;&quot;,&quot;jet_parallax_layout_bg_y_tablet&quot;:&quot;&quot;,&quot;jet_parallax_layout_bg_y_mobile&quot;:&quot;&quot;,&quot;jet_parallax_layout_bg_size_tablet&quot;:&quot;&quot;,&quot;jet_parallax_layout_bg_size_mobile&quot;:&quot;&quot;}]}\">\n\t\t\t\t\t\t<div class=\"elementor-container elementor-column-gap-default\">\n\t\t\t\t\t<div class=\"elementor-column elementor-col-50 elementor-top-column elementor-element elementor-element-3eb738c\" data-id=\"3eb738c\" data-element_type=\"column\">\n\t\t\t<div class=\"elementor-widget-wrap elementor-element-populated\">\n\t\t\t\t\t\t<div class=\"elementor-element elementor-element-c677cc0 elementor-widget elementor-widget-heading\" data-id=\"c677cc0\" data-element_type=\"widget\" data-widget_type=\"heading.default\">\n\t\t\t\t<div class=\"elementor-widget-container\">\n\t\t\t\t\t<h2 class=\"elementor-heading-title elementor-size-default\">Valores<\/h2>\t\t\t\t<\/div>\n\t\t\t\t<\/div>\n\t\t\t\t<div class=\"elementor-element elementor-element-7f3c68f elementor-widget elementor-widget-text-editor\" data-id=\"7f3c68f\" data-element_type=\"widget\" data-widget_type=\"text-editor.default\">\n\t\t\t\t<div class=\"elementor-widget-container\">\n\t\t\t\t\t\t\t\t\t<p>Proyecto Hombre provincia de C\u00e1diz tiene una misi\u00f3n y visi\u00f3n que se articula en base a estos VALORES:<\/p><p><strong><u>Aceptaci\u00f3n incondicional<\/u><\/strong><strong>:<\/strong> entendida como esa actitud de consideraci\u00f3n, respeto y reconocimiento a la persona, donde toda raza, sexo y religi\u00f3n tienen cabida desde nuestra mirada humanista.<\/p><p><strong><u>Adaptaci\u00f3n<\/u><\/strong><strong>: <\/strong>esa capacidad para amoldarse a la realidad cambiante de las adicciones, manteniendo la eficacia y calidez del servicio, siendo fieles a nuestros principios.<\/p><p><strong><u>Generosidad:<\/u><\/strong> en el sentido de pensar y actuar desde el valor de la gratuidad.<\/p><p><strong><u>Responsabilidad<\/u><\/strong><strong>:<\/strong> como valor social ligado al compromiso y al esfuerzo.<\/p><p><strong><u>Solidaridad<\/u><\/strong><strong>: <\/strong>que cuando persigue una causa justa, cambia el mundo haci\u00e9ndolo mejor, m\u00e1s habitable y m\u00e1s digno.<\/p><p><strong>\u00a0<\/strong><strong><u>Transparencia<\/u><\/strong><strong>: <\/strong>como opci\u00f3n para hacer entender de forma clara, nuestras motivaciones, intenciones y objetivos.<\/p><p><strong><u>Profesionalidad:<\/u><\/strong> siendo la especializaci\u00f3n y la formaci\u00f3n continua, una de las bases que garantiza la efectividad del tratamiento.<\/p>\t\t\t\t\t\t\t\t<\/div>\n\t\t\t\t<\/div>\n\t\t\t\t\t<\/div>\n\t\t<\/div>\n\t\t\t\t<div class=\"elementor-column elementor-col-50 elementor-top-column elementor-element elementor-element-ecfcf40\" data-id=\"ecfcf40\" data-element_type=\"column\">\n\t\t\t<div class=\"elementor-widget-wrap elementor-element-populated\">\n\t\t\t\t\t\t<div class=\"elementor-element elementor-element-a8f61d9 elementor-widget elementor-widget-image\" data-id=\"a8f61d9\" data-element_type=\"widget\" data-widget_type=\"image.default\">\n\t\t\t\t<div class=\"elementor-widget-container\">\n\t\t\t\t\t\t\t\t\t\t\t\t\t\t\t<img fetchpriority=\"high\" decoding=\"async\" width=\"427\" height=\"640\" src=\"https:\/\/www.proyectohombreprovinciacadiz.org\/wp-content\/uploads\/2019\/06\/mvv.jpg\" class=\"attachment-large size-large wp-image-203\" alt=\"\" srcset=\"https:\/\/www.proyectohombreprovinciacadiz.org\/wp-content\/uploads\/2019\/06\/mvv.jpg 427w, https:\/\/www.proyectohombreprovinciacadiz.org\/wp-content\/uploads\/2019\/06\/mvv-200x300.jpg 200w\" sizes=\"(max-width: 427px) 100vw, 427px\" \/>\t\t\t\t\t\t\t\t\t\t\t\t\t\t\t<\/div>\n\t\t\t\t<\/div>\n\t\t\t\t\t<\/div>\n\t\t<\/div>\n\t\t\t\t\t<\/div>\n\t\t<\/section>\n\t\t\t\t<section class=\"elementor-section elementor-top-section elementor-element elementor-element-582aa1b elementor-section-boxed elementor-section-height-default elementor-section-height-default\" data-id=\"582aa1b\" data-element_type=\"section\" data-settings=\"{&quot;jet_parallax_layout_list&quot;:[{&quot;jet_parallax_layout_image&quot;:{&quot;url&quot;:&quot;&quot;,&quot;id&quot;:&quot;&quot;,&quot;size&quot;:&quot;&quot;},&quot;_id&quot;:&quot;e2c48ec&quot;,&quot;jet_parallax_layout_image_tablet&quot;:{&quot;url&quot;:&quot;&quot;,&quot;id&quot;:&quot;&quot;,&quot;size&quot;:&quot;&quot;},&quot;jet_parallax_layout_image_mobile&quot;:{&quot;url&quot;:&quot;&quot;,&quot;id&quot;:&quot;&quot;,&quot;size&quot;:&quot;&quot;},&quot;jet_parallax_layout_speed&quot;:{&quot;unit&quot;:&quot;%&quot;,&quot;size&quot;:50,&quot;sizes&quot;:[]},&quot;jet_parallax_layout_type&quot;:&quot;scroll&quot;,&quot;jet_parallax_layout_z_index&quot;:&quot;&quot;,&quot;jet_parallax_layout_bg_x&quot;:50,&quot;jet_parallax_layout_bg_y&quot;:50,&quot;jet_parallax_layout_bg_size&quot;:&quot;auto&quot;,&quot;jet_parallax_layout_animation_prop&quot;:&quot;transform&quot;,&quot;jet_parallax_layout_on&quot;:[&quot;desktop&quot;,&quot;tablet&quot;],&quot;jet_parallax_layout_direction&quot;:null,&quot;jet_parallax_layout_fx_direction&quot;:null,&quot;jet_parallax_layout_bg_x_tablet&quot;:&quot;&quot;,&quot;jet_parallax_layout_bg_x_mobile&quot;:&quot;&quot;,&quot;jet_parallax_layout_bg_y_tablet&quot;:&quot;&quot;,&quot;jet_parallax_layout_bg_y_mobile&quot;:&quot;&quot;,&quot;jet_parallax_layout_bg_size_tablet&quot;:&quot;&quot;,&quot;jet_parallax_layout_bg_size_mobile&quot;:&quot;&quot;}]}\">\n\t\t\t\t\t\t<div class=\"elementor-container elementor-column-gap-default\">\n\t\t\t\t\t<div class=\"elementor-column elementor-col-50 elementor-top-column elementor-element elementor-element-5aa2052\" data-id=\"5aa2052\" data-element_type=\"column\">\n\t\t\t<div class=\"elementor-widget-wrap elementor-element-populated\">\n\t\t\t\t\t\t<div class=\"elementor-element elementor-element-578232a elementor-widget elementor-widget-heading\" data-id=\"578232a\" data-element_type=\"widget\" data-widget_type=\"heading.default\">\n\t\t\t\t<div class=\"elementor-widget-container\">\n\t\t\t\t\t<h2 class=\"elementor-heading-title elementor-size-default\">Misi\u00f3n<\/h2>\t\t\t\t<\/div>\n\t\t\t\t<\/div>\n\t\t\t\t<div class=\"elementor-element elementor-element-2dabc69 elementor-widget elementor-widget-text-editor\" data-id=\"2dabc69\" data-element_type=\"widget\" data-widget_type=\"text-editor.default\">\n\t\t\t\t<div class=\"elementor-widget-container\">\n\t\t\t\t\t\t\t\t\t<p>Entidad privada, sin \u00e1nimo de lucro, que desde la profesionalidad y el compromiso con la transformaci\u00f3n social, promueve la autonom\u00eda, individualmente y en su contexto familiar, de mujeres y hombres, j\u00f3venes y adultos, con problemas de adicciones y otros comportamientos a trav\u00e9s de la prevenci\u00f3n y tratamiento seg\u00fan el modelo biopsicosocial.<\/p>\t\t\t\t\t\t\t\t<\/div>\n\t\t\t\t<\/div>\n\t\t\t\t<div class=\"elementor-element elementor-element-331d168 elementor-widget elementor-widget-image\" data-id=\"331d168\" data-element_type=\"widget\" data-widget_type=\"image.default\">\n\t\t\t\t<div class=\"elementor-widget-container\">\n\t\t\t\t\t\t\t\t\t\t\t\t\t\t\t<img decoding=\"async\" width=\"1024\" height=\"745\" src=\"https:\/\/www.proyectohombreprovinciacadiz.org\/wp-content\/uploads\/2019\/06\/mvv1-1024x745.jpg\" class=\"attachment-large size-large wp-image-205\" alt=\"\" srcset=\"https:\/\/www.proyectohombreprovinciacadiz.org\/wp-content\/uploads\/2019\/06\/mvv1-1024x745.jpg 1024w, https:\/\/www.proyectohombreprovinciacadiz.org\/wp-content\/uploads\/2019\/06\/mvv1-300x218.jpg 300w, https:\/\/www.proyectohombreprovinciacadiz.org\/wp-content\/uploads\/2019\/06\/mvv1-768x558.jpg 768w\" sizes=\"(max-width: 1024px) 100vw, 1024px\" \/>\t\t\t\t\t\t\t\t\t\t\t\t\t\t\t<\/div>\n\t\t\t\t<\/div>\n\t\t\t\t\t<\/div>\n\t\t<\/div>\n\t\t\t\t<div class=\"elementor-column elementor-col-50 elementor-top-column elementor-element elementor-element-da91f72\" data-id=\"da91f72\" data-element_type=\"column\">\n\t\t\t<div class=\"elementor-widget-wrap elementor-element-populated\">\n\t\t\t\t\t\t<div class=\"elementor-element elementor-element-617c2a6 elementor-widget elementor-widget-heading\" data-id=\"617c2a6\" data-element_type=\"widget\" data-widget_type=\"heading.default\">\n\t\t\t\t<div class=\"elementor-widget-container\">\n\t\t\t\t\t<h2 class=\"elementor-heading-title elementor-size-default\">Visi\u00f3n<\/h2>\t\t\t\t<\/div>\n\t\t\t\t<\/div>\n\t\t\t\t<div class=\"elementor-element elementor-element-5b55b82 elementor-widget elementor-widget-text-editor\" data-id=\"5b55b82\" data-element_type=\"widget\" data-widget_type=\"text-editor.default\">\n\t\t\t\t<div class=\"elementor-widget-container\">\n\t\t\t\t\t\t\t\t\t<p>Queremos consolidar la especia-lizaci\u00f3n y adaptaci\u00f3n contin\u00faa, fomentando la expansi\u00f3n de nuestros programas a las nuevas realidades, siempre centrado en las personas y en la promoci\u00f3n de la salud. Optamos por la transpa-rencia, la formaci\u00f3n y la investigaci\u00f3n, estando\u00a0\u00a0\u00a0 compro-metidos con el trabajo en red y con la calidad y calidez de los servicios prestados por las personas contratadas y voluntarias.<\/p>\t\t\t\t\t\t\t\t<\/div>\n\t\t\t\t<\/div>\n\t\t\t\t<div class=\"elementor-element elementor-element-69166b5 elementor-widget elementor-widget-image\" data-id=\"69166b5\" data-element_type=\"widget\" data-widget_type=\"image.default\">\n\t\t\t\t<div class=\"elementor-widget-container\">\n\t\t\t\t\t\t\t\t\t\t\t\t\t\t\t<img decoding=\"async\" width=\"352\" height=\"352\" src=\"https:\/\/www.proyectohombreprovinciacadiz.org\/wp-content\/uploads\/2019\/06\/mvv2.jpg\" class=\"attachment-large size-large wp-image-207\" alt=\"\" srcset=\"https:\/\/www.proyectohombreprovinciacadiz.org\/wp-content\/uploads\/2019\/06\/mvv2.jpg 352w, https:\/\/www.proyectohombreprovinciacadiz.org\/wp-content\/uploads\/2019\/06\/mvv2-150x150.jpg 150w, https:\/\/www.proyectohombreprovinciacadiz.org\/wp-content\/uploads\/2019\/06\/mvv2-300x300.jpg 300w\" sizes=\"(max-width: 352px) 100vw, 352px\" \/>\t\t\t\t\t\t\t\t\t\t\t\t\t\t\t<\/div>\n\t\t\t\t<\/div>\n\t\t\t\t\t<\/div>\n\t\t<\/div>\n\t\t\t\t\t<\/div>\n\t\t<\/section>\n\t\t\t\t<\/div>\n\t\t","protected":false},"excerpt":{"rendered":"<p>Valores Proyecto Hombre provincia de C\u00e1diz tiene una misi\u00f3n y visi\u00f3n que se articula en base a estos VALORES: Aceptaci\u00f3n incondicional: entendida como esa actitud de consideraci\u00f3n, respeto y reconocimiento a la persona, donde toda raza, sexo y religi\u00f3n tienen cabida desde nuestra mirada humanista. Adaptaci\u00f3n: esa capacidad para amoldarse a la realidad cambiante de &#8230; <a title=\"Misi\u00f3n, visi\u00f3n y valores\" class=\"read-more\" href=\"https:\/\/www.proyectohombreprovinciacadiz.org\/index.php\/mision-vision-y-valores\/\" aria-label=\"M\u00e1s en Misi\u00f3n, visi\u00f3n y valores\">Leer m\u00e1s<\/a><\/p>\n","protected":false},"author":1,"featured_media":0,"parent":0,"menu_order":0,"comment_status":"closed","ping_status":"closed","template":"","meta":{"footnotes":""},"class_list":["post-200","page","type-page","status-publish"],"_links":{"self":[{"href":"https:\/\/www.proyectohombreprovinciacadiz.org\/index.php\/wp-json\/wp\/v2\/pages\/200","targetHints":{"allow":["GET"]}}],"collection":[{"href":"https:\/\/www.proyectohombreprovinciacadiz.org\/index.php\/wp-json\/wp\/v2\/pages"}],"about":[{"href":"https:\/\/www.proyectohombreprovinciacadiz.org\/index.php\/wp-json\/wp\/v2\/types\/page"}],"author":[{"embeddable":true,"href":"https:\/\/www.proyectohombreprovinciacadiz.org\/index.php\/wp-json\/wp\/v2\/users\/1"}],"replies":[{"embeddable":true,"href":"https:\/\/www.proyectohombreprovinciacadiz.org\/index.php\/wp-json\/wp\/v2\/comments?post=200"}],"version-history":[{"count":5,"href":"https:\/\/www.proyectohombreprovinciacadiz.org\/index.php\/wp-json\/wp\/v2\/pages\/200\/revisions"}],"predecessor-version":[{"id":211,"href":"https:\/\/www.proyectohombreprovinciacadiz.org\/index.php\/wp-json\/wp\/v2\/pages\/200\/revisions\/211"}],"wp:attachment":[{"href":"https:\/\/www.proyectohombreprovinciacadiz.org\/index.php\/wp-json\/wp\/v2\/media?parent=200"}],"curies":[{"name":"wp","href":"https:\/\/api.w.org\/{rel}","templated":true}]}}