{"id":836,"date":"2020-02-17T16:56:48","date_gmt":"2020-02-17T15:56:48","guid":{"rendered":"https:\/\/www.proyectohombreprovinciacadiz.org\/?page_id=836"},"modified":"2020-02-17T17:07:53","modified_gmt":"2020-02-17T16:07:53","slug":"noticias","status":"publish","type":"page","link":"https:\/\/www.proyectohombreprovinciacadiz.org\/index.php\/noticias\/","title":{"rendered":"Noticias"},"content":{"rendered":"\t\t<div data-elementor-type=\"wp-page\" data-elementor-id=\"836\" class=\"elementor elementor-836\" data-elementor-post-type=\"page\">\n\t\t\t\t\t\t<section class=\"elementor-section elementor-top-section elementor-element elementor-element-a935945 elementor-section-boxed elementor-section-height-default elementor-section-height-default\" data-id=\"a935945\" data-element_type=\"section\" data-settings=\"{&quot;jet_parallax_layout_list&quot;:[{&quot;jet_parallax_layout_image&quot;:{&quot;url&quot;:&quot;&quot;,&quot;id&quot;:&quot;&quot;,&quot;size&quot;:&quot;&quot;},&quot;_id&quot;:&quot;aecfff0&quot;,&quot;jet_parallax_layout_image_tablet&quot;:{&quot;url&quot;:&quot;&quot;,&quot;id&quot;:&quot;&quot;,&quot;size&quot;:&quot;&quot;},&quot;jet_parallax_layout_image_mobile&quot;:{&quot;url&quot;:&quot;&quot;,&quot;id&quot;:&quot;&quot;,&quot;size&quot;:&quot;&quot;},&quot;jet_parallax_layout_speed&quot;:{&quot;unit&quot;:&quot;%&quot;,&quot;size&quot;:50,&quot;sizes&quot;:[]},&quot;jet_parallax_layout_type&quot;:&quot;scroll&quot;,&quot;jet_parallax_layout_direction&quot;:null,&quot;jet_parallax_layout_fx_direction&quot;:null,&quot;jet_parallax_layout_z_index&quot;:&quot;&quot;,&quot;jet_parallax_layout_bg_x&quot;:50,&quot;jet_parallax_layout_bg_y&quot;:50,&quot;jet_parallax_layout_bg_size&quot;:&quot;auto&quot;,&quot;jet_parallax_layout_animation_prop&quot;:&quot;transform&quot;,&quot;jet_parallax_layout_on&quot;:[&quot;desktop&quot;,&quot;tablet&quot;],&quot;jet_parallax_layout_bg_x_tablet&quot;:&quot;&quot;,&quot;jet_parallax_layout_bg_x_mobile&quot;:&quot;&quot;,&quot;jet_parallax_layout_bg_y_tablet&quot;:&quot;&quot;,&quot;jet_parallax_layout_bg_y_mobile&quot;:&quot;&quot;,&quot;jet_parallax_layout_bg_size_tablet&quot;:&quot;&quot;,&quot;jet_parallax_layout_bg_size_mobile&quot;:&quot;&quot;}]}\">\n\t\t\t\t\t\t<div class=\"elementor-container elementor-column-gap-default\">\n\t\t\t\t\t<div class=\"elementor-column elementor-col-100 elementor-top-column elementor-element elementor-element-aa8c3f5\" data-id=\"aa8c3f5\" data-element_type=\"column\">\n\t\t\t<div class=\"elementor-widget-wrap elementor-element-populated\">\n\t\t\t\t\t\t<div class=\"elementor-element elementor-element-54da4aa elementor-posts--align-center elementor-grid-3 elementor-grid-tablet-2 elementor-grid-mobile-1 elementor-posts--thumbnail-top elementor-card-shadow-yes elementor-posts__hover-gradient elementor-widget elementor-widget-posts\" data-id=\"54da4aa\" data-element_type=\"widget\" data-settings=\"{&quot;pagination_type&quot;:&quot;numbers_and_prev_next&quot;,&quot;cards_columns&quot;:&quot;3&quot;,&quot;cards_columns_tablet&quot;:&quot;2&quot;,&quot;cards_columns_mobile&quot;:&quot;1&quot;,&quot;cards_row_gap&quot;:{&quot;unit&quot;:&quot;px&quot;,&quot;size&quot;:35,&quot;sizes&quot;:[]},&quot;cards_row_gap_tablet&quot;:{&quot;unit&quot;:&quot;px&quot;,&quot;size&quot;:&quot;&quot;,&quot;sizes&quot;:[]},&quot;cards_row_gap_mobile&quot;:{&quot;unit&quot;:&quot;px&quot;,&quot;size&quot;:&quot;&quot;,&quot;sizes&quot;:[]}}\" data-widget_type=\"posts.cards\">\n\t\t\t\t<div class=\"elementor-widget-container\">\n\t\t\t\t\t\t\t<div class=\"elementor-posts-container elementor-posts elementor-posts--skin-cards elementor-grid\">\n\t\t\t\t<article class=\"elementor-post elementor-grid-item post-4448 post type-post status-publish format-standard hentry category-sin-categoria\">\n\t\t\t<div class=\"elementor-post__card\">\n\t\t\t\t<div class=\"elementor-post__text\">\n\t\t\t\t<h3 class=\"elementor-post__title\">\n\t\t\t<a href=\"https:\/\/www.proyectohombreprovinciacadiz.org\/index.php\/2026\/04\/14\/donativo-de-la-asociacion-aula-de-mayores-de-la-uca-del-campus-de-jerez\/\" >\n\t\t\t\tDonativo de la Asociaci\u00f3n Aula de Mayores de la UCA del Campus de Jerez\t\t\t<\/a>\n\t\t<\/h3>\n\t\t\t\t<div class=\"elementor-post__excerpt\">\n\t\t\t<p>Hemos recibido en nuestra sede a una representaci\u00f3n de la Asociaci\u00f3n de Estudiantes del Aula de Mayores de la UCA del \u201cCampus de Jerez\u201d. Nos hicieron entrega de un donativo, en un encuentro con nuestro director, Luis Bononato, al que<\/p>\n\t\t<\/div>\n\t\t\n\t\t<a class=\"elementor-post__read-more\" href=\"https:\/\/www.proyectohombreprovinciacadiz.org\/index.php\/2026\/04\/14\/donativo-de-la-asociacion-aula-de-mayores-de-la-uca-del-campus-de-jerez\/\" aria-label=\"M\u00e1s informaci\u00f3n sobre Donativo de la Asociaci\u00f3n Aula de Mayores de la UCA del Campus de Jerez\" tabindex=\"-1\" >\n\t\t\tLeer M\u00e1s\t\t<\/a>\n\n\t\t\t\t<\/div>\n\t\t\t\t<div class=\"elementor-post__meta-data\">\n\t\t\t\t\t<span class=\"elementor-post-date\">\n\t\t\t14 abril, 2026\t\t<\/span>\n\t\t\t\t<span class=\"elementor-post-avatar\">\n\t\t\tNo hay comentarios\t\t<\/span>\n\t\t\t\t<\/div>\n\t\t\t\t\t<\/div>\n\t\t<\/article>\n\t\t\t\t<article class=\"elementor-post elementor-grid-item post-4445 post type-post status-publish format-standard hentry category-sin-categoria\">\n\t\t\t<div class=\"elementor-post__card\">\n\t\t\t\t<div class=\"elementor-post__text\">\n\t\t\t\t<h3 class=\"elementor-post__title\">\n\t\t\t<a href=\"https:\/\/www.proyectohombreprovinciacadiz.org\/index.php\/2026\/04\/08\/un-importante-reconocimiento-del-excmo-colegio-oficial-de-medicos-de-cadiz\/\" >\n\t\t\t\tUn importante reconocimiento del Excmo. Colegio Oficial de M\u00e9dicos de C\u00e1diz\t\t\t<\/a>\n\t\t<\/h3>\n\t\t\t\t<div class=\"elementor-post__excerpt\">\n\t\t\t<p>El Excmo. Colegio Oficial de M\u00e9dicos en la provincia de C\u00e1diz ha otorgado el TERCER PREMIO en la convocatoria de Proyectos de Acci\u00f3n Social COMCADIZ 2025 a nuestra entidad, en reconocimiento al trabajo que realizamos en la prevenci\u00f3n y el<\/p>\n\t\t<\/div>\n\t\t\n\t\t<a class=\"elementor-post__read-more\" href=\"https:\/\/www.proyectohombreprovinciacadiz.org\/index.php\/2026\/04\/08\/un-importante-reconocimiento-del-excmo-colegio-oficial-de-medicos-de-cadiz\/\" aria-label=\"M\u00e1s informaci\u00f3n sobre Un importante reconocimiento del Excmo. Colegio Oficial de M\u00e9dicos de C\u00e1diz\" tabindex=\"-1\" >\n\t\t\tLeer M\u00e1s\t\t<\/a>\n\n\t\t\t\t<\/div>\n\t\t\t\t<div class=\"elementor-post__meta-data\">\n\t\t\t\t\t<span class=\"elementor-post-date\">\n\t\t\t8 abril, 2026\t\t<\/span>\n\t\t\t\t<span class=\"elementor-post-avatar\">\n\t\t\tNo hay comentarios\t\t<\/span>\n\t\t\t\t<\/div>\n\t\t\t\t\t<\/div>\n\t\t<\/article>\n\t\t\t\t<article class=\"elementor-post elementor-grid-item post-4440 post type-post status-publish format-standard hentry category-sin-categoria\">\n\t\t\t<div class=\"elementor-post__card\">\n\t\t\t\t<div class=\"elementor-post__text\">\n\t\t\t\t<h3 class=\"elementor-post__title\">\n\t\t\t<a href=\"https:\/\/www.proyectohombreprovinciacadiz.org\/index.php\/2026\/04\/08\/%f0%9f%8c%b1insola-combina-lo-social-lo-formativo-y-lo-laboral\/\" >\n\t\t\t\t\ud83c\udf31INSOLA+ combina lo social, lo formativo y lo laboral.\t\t\t<\/a>\n\t\t<\/h3>\n\t\t\t\t<div class=\"elementor-post__excerpt\">\n\t\t\t<p>Cada proceso es personalizado y se adapta a las necesidades, ritmos y capacidades de cada persona, reforzando habilidades, competencias y confianza. Porque no existen soluciones \u00fanicas para realidades diversas. El acompa\u00f1amiento cercano y continuado es la base para construir itinerarios<\/p>\n\t\t<\/div>\n\t\t\n\t\t<a class=\"elementor-post__read-more\" href=\"https:\/\/www.proyectohombreprovinciacadiz.org\/index.php\/2026\/04\/08\/%f0%9f%8c%b1insola-combina-lo-social-lo-formativo-y-lo-laboral\/\" aria-label=\"M\u00e1s informaci\u00f3n sobre \ud83c\udf31INSOLA+ combina lo social, lo formativo y lo laboral.\" tabindex=\"-1\" >\n\t\t\tLeer M\u00e1s\t\t<\/a>\n\n\t\t\t\t<\/div>\n\t\t\t\t<div class=\"elementor-post__meta-data\">\n\t\t\t\t\t<span class=\"elementor-post-date\">\n\t\t\t8 abril, 2026\t\t<\/span>\n\t\t\t\t<span class=\"elementor-post-avatar\">\n\t\t\tNo hay comentarios\t\t<\/span>\n\t\t\t\t<\/div>\n\t\t\t\t\t<\/div>\n\t\t<\/article>\n\t\t\t\t<article class=\"elementor-post elementor-grid-item post-4436 post type-post status-publish format-standard hentry category-sin-categoria\">\n\t\t\t<div class=\"elementor-post__card\">\n\t\t\t\t<div class=\"elementor-post__text\">\n\t\t\t\t<h3 class=\"elementor-post__title\">\n\t\t\t<a href=\"https:\/\/www.proyectohombreprovinciacadiz.org\/index.php\/2026\/04\/03\/concesion-de-subvencion-de-la-autoridad-portuaria-de-la-bahia-de-algeciras-3\/\" >\n\t\t\t\tConcesi\u00f3n de subvenci\u00f3n de la Autoridad Portuaria de la Bah\u00eda de Algeciras\t\t\t<\/a>\n\t\t<\/h3>\n\t\t\t\t<div class=\"elementor-post__excerpt\">\n\t\t\t<p>La Autoridad Portuaria de la Bah\u00eda de Algeciras acord\u00f3 en sesi\u00f3n ordinaria del 26 de febrero la aprobaci\u00f3n de nuestra solicitud para el patrocinio publicitario de las actividades que estamos desarrollando a lo largo de todo el a\u00f1o 2026, en<\/p>\n\t\t<\/div>\n\t\t\n\t\t<a class=\"elementor-post__read-more\" href=\"https:\/\/www.proyectohombreprovinciacadiz.org\/index.php\/2026\/04\/03\/concesion-de-subvencion-de-la-autoridad-portuaria-de-la-bahia-de-algeciras-3\/\" aria-label=\"M\u00e1s informaci\u00f3n sobre Concesi\u00f3n de subvenci\u00f3n de la Autoridad Portuaria de la Bah\u00eda de Algeciras\" tabindex=\"-1\" >\n\t\t\tLeer M\u00e1s\t\t<\/a>\n\n\t\t\t\t<\/div>\n\t\t\t\t<div class=\"elementor-post__meta-data\">\n\t\t\t\t\t<span class=\"elementor-post-date\">\n\t\t\t3 abril, 2026\t\t<\/span>\n\t\t\t\t<span class=\"elementor-post-avatar\">\n\t\t\tNo hay comentarios\t\t<\/span>\n\t\t\t\t<\/div>\n\t\t\t\t\t<\/div>\n\t\t<\/article>\n\t\t\t\t<article class=\"elementor-post elementor-grid-item post-4434 post type-post status-publish format-standard hentry category-sin-categoria\">\n\t\t\t<div class=\"elementor-post__card\">\n\t\t\t\t<div class=\"elementor-post__text\">\n\t\t\t\t<h3 class=\"elementor-post__title\">\n\t\t\t<a href=\"https:\/\/www.proyectohombreprovinciacadiz.org\/index.php\/2026\/03\/31\/sensibilizacion-y-acompanamiento-educativo-terapeutico\/\" >\n\t\t\t\tSensibilizaci\u00f3n y acompa\u00f1amiento educativo terap\u00e9utico\t\t\t<\/a>\n\t\t<\/h3>\n\t\t\t\t<div class=\"elementor-post__excerpt\">\n\t\t\t<p>El 26 de marzo, nuestra compa\u00f1era Valeria Gil, del Programa de Prevenci\u00f3n, particip\u00f3 en la nueva secci\u00f3n \u201ceducorural\u201d de radio Valle Genal Media, dando difusi\u00f3n al trabajo que nuestra entidad realiza en el \u00e1rea de la prevenci\u00f3n del uso problem\u00e1tico<\/p>\n\t\t<\/div>\n\t\t\n\t\t<a class=\"elementor-post__read-more\" href=\"https:\/\/www.proyectohombreprovinciacadiz.org\/index.php\/2026\/03\/31\/sensibilizacion-y-acompanamiento-educativo-terapeutico\/\" aria-label=\"M\u00e1s informaci\u00f3n sobre Sensibilizaci\u00f3n y acompa\u00f1amiento educativo terap\u00e9utico\" tabindex=\"-1\" >\n\t\t\tLeer M\u00e1s\t\t<\/a>\n\n\t\t\t\t<\/div>\n\t\t\t\t<div class=\"elementor-post__meta-data\">\n\t\t\t\t\t<span class=\"elementor-post-date\">\n\t\t\t31 marzo, 2026\t\t<\/span>\n\t\t\t\t<span class=\"elementor-post-avatar\">\n\t\t\tNo hay comentarios\t\t<\/span>\n\t\t\t\t<\/div>\n\t\t\t\t\t<\/div>\n\t\t<\/article>\n\t\t\t\t<article class=\"elementor-post elementor-grid-item post-4430 post type-post status-publish format-standard hentry category-sin-categoria\">\n\t\t\t<div class=\"elementor-post__card\">\n\t\t\t\t<div class=\"elementor-post__text\">\n\t\t\t\t<h3 class=\"elementor-post__title\">\n\t\t\t<a href=\"https:\/\/www.proyectohombreprovinciacadiz.org\/index.php\/2026\/03\/23\/i-acto-conmemorativo-por-el-dia-internacional-de-la-mujer-en-el-cp-de-algeciras\/\" >\n\t\t\t\tI Acto Conmemorativo por el D\u00eda Internacional de la Mujer en el CP de Algeciras\t\t\t<\/a>\n\t\t<\/h3>\n\t\t\t\t<div class=\"elementor-post__excerpt\">\n\t\t\t<p>Este a\u00f1o, por primera vez, se ha celebrado el I Acto conmemorativo del D\u00eda Internacional de la Mujer en el CP de Algeciras al que se invit\u00f3 a Proyecto Hombre Provincia de C\u00e1diz. El objetivo fue promover la reflexi\u00f3n, el<\/p>\n\t\t<\/div>\n\t\t\n\t\t<a class=\"elementor-post__read-more\" href=\"https:\/\/www.proyectohombreprovinciacadiz.org\/index.php\/2026\/03\/23\/i-acto-conmemorativo-por-el-dia-internacional-de-la-mujer-en-el-cp-de-algeciras\/\" aria-label=\"M\u00e1s informaci\u00f3n sobre I Acto Conmemorativo por el D\u00eda Internacional de la Mujer en el CP de Algeciras\" tabindex=\"-1\" >\n\t\t\tLeer M\u00e1s\t\t<\/a>\n\n\t\t\t\t<\/div>\n\t\t\t\t<div class=\"elementor-post__meta-data\">\n\t\t\t\t\t<span class=\"elementor-post-date\">\n\t\t\t23 marzo, 2026\t\t<\/span>\n\t\t\t\t<span class=\"elementor-post-avatar\">\n\t\t\tNo hay comentarios\t\t<\/span>\n\t\t\t\t<\/div>\n\t\t\t\t\t<\/div>\n\t\t<\/article>\n\t\t\t\t<\/div>\n\t\t\n\t\t\t\t<div class=\"e-load-more-anchor\" data-page=\"1\" data-max-page=\"110\" data-next-page=\"https:\/\/www.proyectohombreprovinciacadiz.org\/index.php\/wp-json\/wp\/v2\/pages\/836\/page\/2\/\"><\/div>\n\t\t\t\t<nav class=\"elementor-pagination\" aria-label=\"Paginaci\u00f3n\">\n\t\t\t<span class=\"page-numbers prev\">&laquo; Anterior<\/span>\n<span aria-current=\"page\" class=\"page-numbers current\"><span class=\"elementor-screen-only\">P\u00e1gina<\/span>1<\/span>\n<a class=\"page-numbers\" href=\"https:\/\/www.proyectohombreprovinciacadiz.org\/index.php\/wp-json\/wp\/v2\/pages\/836\/page\/2\/\"><span class=\"elementor-screen-only\">P\u00e1gina<\/span>2<\/a>\n<a class=\"page-numbers\" href=\"https:\/\/www.proyectohombreprovinciacadiz.org\/index.php\/wp-json\/wp\/v2\/pages\/836\/page\/3\/\"><span class=\"elementor-screen-only\">P\u00e1gina<\/span>3<\/a>\n<span class=\"page-numbers dots\">&hellip;<\/span>\n<a class=\"page-numbers\" href=\"https:\/\/www.proyectohombreprovinciacadiz.org\/index.php\/wp-json\/wp\/v2\/pages\/836\/page\/5\/\"><span class=\"elementor-screen-only\">P\u00e1gina<\/span>5<\/a>\n<a class=\"page-numbers next\" href=\"https:\/\/www.proyectohombreprovinciacadiz.org\/index.php\/wp-json\/wp\/v2\/pages\/836\/page\/2\/\">Siguiente &raquo;<\/a>\t\t<\/nav>\n\t\t\t\t\t\t<\/div>\n\t\t\t\t<\/div>\n\t\t\t\t\t<\/div>\n\t\t<\/div>\n\t\t\t\t\t<\/div>\n\t\t<\/section>\n\t\t\t\t<\/div>\n\t\t","protected":false},"excerpt":{"rendered":"","protected":false},"author":1,"featured_media":0,"parent":0,"menu_order":0,"comment_status":"closed","ping_status":"closed","template":"","meta":{"footnotes":""},"class_list":["post-836","page","type-page","status-publish","hentry"],"_links":{"self":[{"href":"https:\/\/www.proyectohombreprovinciacadiz.org\/index.php\/wp-json\/wp\/v2\/pages\/836","targetHints":{"allow":["GET"]}}],"collection":[{"href":"https:\/\/www.proyectohombreprovinciacadiz.org\/index.php\/wp-json\/wp\/v2\/pages"}],"about":[{"href":"https:\/\/www.proyectohombreprovinciacadiz.org\/index.php\/wp-json\/wp\/v2\/types\/page"}],"author":[{"embeddable":true,"href":"https:\/\/www.proyectohombreprovinciacadiz.org\/index.php\/wp-json\/wp\/v2\/users\/1"}],"replies":[{"embeddable":true,"href":"https:\/\/www.proyectohombreprovinciacadiz.org\/index.php\/wp-json\/wp\/v2\/comments?post=836"}],"version-history":[{"count":3,"href":"https:\/\/www.proyectohombreprovinciacadiz.org\/index.php\/wp-json\/wp\/v2\/pages\/836\/revisions"}],"predecessor-version":[{"id":839,"href":"https:\/\/www.proyectohombreprovinciacadiz.org\/index.php\/wp-json\/wp\/v2\/pages\/836\/revisions\/839"}],"wp:attachment":[{"href":"https:\/\/www.proyectohombreprovinciacadiz.org\/index.php\/wp-json\/wp\/v2\/media?parent=836"}],"curies":[{"name":"wp","href":"https:\/\/api.w.org\/{rel}","templated":true}]}}