{"id":858,"date":"2020-02-17T17:42:32","date_gmt":"2020-02-17T16:42:32","guid":{"rendered":"https:\/\/www.proyectohombreprovinciacadiz.org\/?page_id=858"},"modified":"2020-02-17T17:45:32","modified_gmt":"2020-02-17T16:45:32","slug":"historia","status":"publish","type":"page","link":"https:\/\/www.proyectohombreprovinciacadiz.org\/index.php\/historia\/","title":{"rendered":"Historia"},"content":{"rendered":"\t\t<div data-elementor-type=\"wp-page\" data-elementor-id=\"858\" class=\"elementor elementor-858\" data-elementor-post-type=\"page\">\n\t\t\t\t\t\t<section class=\"elementor-section elementor-top-section elementor-element elementor-element-3bee1e3 elementor-section-boxed elementor-section-height-default elementor-section-height-default\" data-id=\"3bee1e3\" data-element_type=\"section\" data-settings=\"{&quot;jet_parallax_layout_list&quot;:[{&quot;jet_parallax_layout_image&quot;:{&quot;url&quot;:&quot;&quot;,&quot;id&quot;:&quot;&quot;,&quot;size&quot;:&quot;&quot;},&quot;_id&quot;:&quot;7df9830&quot;,&quot;jet_parallax_layout_image_tablet&quot;:{&quot;url&quot;:&quot;&quot;,&quot;id&quot;:&quot;&quot;,&quot;size&quot;:&quot;&quot;},&quot;jet_parallax_layout_image_mobile&quot;:{&quot;url&quot;:&quot;&quot;,&quot;id&quot;:&quot;&quot;,&quot;size&quot;:&quot;&quot;},&quot;jet_parallax_layout_speed&quot;:{&quot;unit&quot;:&quot;%&quot;,&quot;size&quot;:50,&quot;sizes&quot;:[]},&quot;jet_parallax_layout_type&quot;:&quot;scroll&quot;,&quot;jet_parallax_layout_direction&quot;:null,&quot;jet_parallax_layout_fx_direction&quot;:null,&quot;jet_parallax_layout_z_index&quot;:&quot;&quot;,&quot;jet_parallax_layout_bg_x&quot;:50,&quot;jet_parallax_layout_bg_y&quot;:50,&quot;jet_parallax_layout_bg_size&quot;:&quot;auto&quot;,&quot;jet_parallax_layout_animation_prop&quot;:&quot;transform&quot;,&quot;jet_parallax_layout_on&quot;:[&quot;desktop&quot;,&quot;tablet&quot;],&quot;jet_parallax_layout_bg_x_tablet&quot;:&quot;&quot;,&quot;jet_parallax_layout_bg_x_mobile&quot;:&quot;&quot;,&quot;jet_parallax_layout_bg_y_tablet&quot;:&quot;&quot;,&quot;jet_parallax_layout_bg_y_mobile&quot;:&quot;&quot;,&quot;jet_parallax_layout_bg_size_tablet&quot;:&quot;&quot;,&quot;jet_parallax_layout_bg_size_mobile&quot;:&quot;&quot;}]}\">\n\t\t\t\t\t\t<div class=\"elementor-container elementor-column-gap-default\">\n\t\t\t\t\t<div class=\"elementor-column elementor-col-100 elementor-top-column elementor-element elementor-element-9326bfa\" data-id=\"9326bfa\" data-element_type=\"column\">\n\t\t\t<div class=\"elementor-widget-wrap elementor-element-populated\">\n\t\t\t\t\t\t<div class=\"elementor-element elementor-element-a10d229 elementor-widget elementor-widget-text-editor\" data-id=\"a10d229\" data-element_type=\"widget\" data-widget_type=\"text-editor.default\">\n\t\t\t\t<div class=\"elementor-widget-container\">\n\t\t\t\t\t\t\t\t\t<h2 style=\"text-align: center;\"><strong>PROYECTO HOMBRE PROVINCIA DE CADIZ<\/strong><br \/><strong>HISTORIA 1991 &#8211; 2015<\/strong><\/h2><p><b>1986 <\/b><br \/>A principios del a\u00f1o 1986 un grupo de personas de Jerez, afectadas y\/o sensibilizadas por el problema de las drogodependencias, decidi\u00f3 convertirse en una gestora para formar posteriormente una Asociaci\u00f3n.<\/p><p><b>1988<\/b><br \/>Este hecho ocurri\u00f3 el 15 de noviembre de 1.988 recibiendo el nombre de Asociaci\u00f3n Cometa.<br \/>Este mismo a\u00f1o t\u00e9cnicos y familiares de la Asociaci\u00f3n Cometa inician la visita a diferentes centros de atenci\u00f3n al toxic\u00f3mano, con el objeto de abrir un centro en nuestra ciudad. Entre ellos visitan tambi\u00e9n Proyecto Hombre de M\u00e1laga.<\/p><p>Despu\u00e9s de conocer diversos centros de rehabilitaci\u00f3n, se decidieron por este Proyecto. A continuaci\u00f3n se inici\u00f3 la formaci\u00f3n del director y de los primeros terapeutas en distintos centros de Proyecto Hombre: Roma, M\u00e1laga, Valencia, Bilbao, San Sebasti\u00e1n, Madrid\u2026 A la vez eran necesarios los recursos econ\u00f3micos y el soporte jur\u00eddico. Para ello contamos con el empuje de Rafael Bellido, primer obispo de la Di\u00f3cesis Asidonia Jerez y Pedro Pacheco alcalde de la ciudad, junto con m\u00e1s de 1000 socios a trav\u00e9s de la Asociaci\u00f3n Amigos de Proyecto Hombre.<\/p><p>Esta Asociaci\u00f3n (APROHOM) naci\u00f3 en diciembre de 1988 con el \u00fanico prop\u00f3sito de apoyar a Proyecto Hombre.<\/p><p><b>1990<\/b><br \/>La constituci\u00f3n de la Fundaci\u00f3n Centro espa\u00f1ol de Solidaridad Jerez en 1990 con la Asociaci\u00f3n Cometa como entidad promotora, el Ayuntamiento y la Di\u00f3cesis y la Asociaci\u00f3n Amigos de Proyecto Hombre, fue el paso previo de la apertura el 11 de febrero de 1991<\/p><p>A partir de esa fecha todo ha sido crecer para dar respuesta a las continuas y nuevas demandas que nos llegaban desde personas, asociaciones, ayuntamientos, centros educativos\u2026 que intentaremos resumir a continuaci\u00f3n.<\/p><p><b>1991<\/b><br \/>Comenzamos con el programa de Acogida, en una casa cedida por la Di\u00f3cesis de Jerez y debido al alto n\u00famero de personas que atend\u00edamos, no solo de nuestra provincia sino del resto de ciudades de Andaluc\u00eda, en agosto, mucho antes de lo previsto tuvimos que abrir la Comunidad Terap\u00e9utica en la Finca El Barrosillo y un a\u00f1o despu\u00e9s la Reinserci\u00f3n socio- laboral. En el programa Base, donde atendemos a personas policonsumidoras y con una desestructuraci\u00f3n personal y familiar, la educaci\u00f3n en el tiempo libre, el seguimiento acad\u00e9mico (que se realiza gracias a un convenio con la Consejer\u00eda de educaci\u00f3n de la Junta de Andaluc\u00eda) y la formaci\u00f3n laboral a trav\u00e9s de cursos de diversa \u00edndole, facilitan su posterior reinserci\u00f3n en la sociedad.<\/p><p>Concesi\u00f3n del Premio Jerez Joven 1991, de la Delegaci\u00f3n de Juventud del Ayuntamiento de Jerez.<\/p><p><b>1992 <\/b><br \/>Comienzan a llegar chicos sin seguimiento familiar y la Asociaci\u00f3n de familias (AFACESJE) asume la gesti\u00f3n de un piso para atenderlos. Despu\u00e9s (en 1995) vendr\u00eda otro piso en San Fernando, gestionado por C\u00e1ritas de la Di\u00f3cesis de C\u00e1diz, y uno de mujeres en Lomopardo gestionado primero por las Hijas de la Caridad (1996) y posteriormente por la Asociaci\u00f3n de Antiguas alumnas del Colegio de Jes\u00fas Mar\u00eda, en Jerez. <br \/>No olvidamos a los que, dentro del mundo ya de por si marginal de las adicciones, se encuentran los que no tienen familia, siendo precisamente uno de nuestros retos la apertura de un piso para adolescentes o adultos sin familia.<\/p><p><b>1.993<\/b><br \/>Llega uno de los momentos m\u00e1s deseados y recordados: la primera alta terap\u00e9utica. Durante estos a\u00f1os se han concedido m\u00e1s de 300 aunque son muchos los que aun sin haber finalizado han conseguido el mismo objetivo de ser uno m\u00e1s en la sociedad con sus derechos y deberes, consiguiendo no s\u00f3lo dejar las drogas, que s\u00f3lo es un medio, sino conseguir ser aut\u00f3nomos y no depender de nada, ni nadie, a la hora de coger las riendas de sus vidas, libre y responsablemente.<\/p><p><b>1.994<\/b><br \/>Para los profesionales contratados y el Voluntariado no tenemos fecha. Mejor dicho todas las fechas son para ellos. Proyecto Hombre naci\u00f3 desde el voluntariado. Del equipo inicial de 5 profesionales, actualmente son 35, junto a m\u00e1s de 130 voluntarios. A estas personas les mueven los valores universales del voluntariado, donde no solo entran la gratuidad, la disponibilidad\u2026 tambi\u00e9n la eficacia, la profesionalidad.<\/p><p><b>1995<\/b><br \/>Llevamos a cabo la apertura de la nueva Comunidad Terap\u00e9utica, en unos terrenos cedidos por el Ayuntamiento de Jerez. Fue un acto al que asistieron muchas personalidades de todos los sectores sociales de nuestra provincia y de Andaluc\u00eda. El apoyo institucional es muy importante para nosotros y siempre nos hemos sentido respaldados por los diferentes estamentos. Superando las dificultades iniciales del desconocimiento, de los prejuicios, tenemos claro que debemos ir de la mano si queremos entre todos conseguir nuestros objetivos.<\/p><p><b>1996<\/b><br \/>Se afianza el programa de prisi\u00f3n en los centros penitenciarios de Jerez (ahora cerrado), Puerto I y Puerto II. Actualmente tambi\u00e9n estamos presentes en los centros penitenciarios de Puerto III y Algeciras. Nuestra respuesta fue desde la primera carta que recibimos pidi\u00e9ndonos ayuda desde la prisi\u00f3n, que atend\u00edamos s\u00f3lo con el voluntariado y ahora, adem\u00e1s, con personas contratadas. En la actualidad atendemos a m\u00e1s de 300 hombres y mujeres uno o dos d\u00edas a la semana.<\/p><p><b>1997<\/b><br \/>Pero la realidad de las adicciones comenzaba a cambiar: llegaban los primeros padres con hijos j\u00f3venes que se estaban iniciando en el consumo y hab\u00eda que darles una respuesta distinta, m\u00e1s acorde con su realidad. Esto hizo que en 1997 iniciara su andadura la Escuela de Padres y Madres y el Proyecto Joven. Quiz\u00e1s una de las situaciones que m\u00e1s nos preocupen en la actualidad por el incremento de los casos y la edad de los mismos.<br \/>En este programa se han integrado los menores que atendemos a trav\u00e9s del convenio que firmamos en el 2003 con la Direcci\u00f3n General de Reforma Juvenil de la Junta de Andaluc\u00eda.<\/p><p><b>1998<\/b><br \/>De igual forma en 1998 y con grandes esfuerzos de formaci\u00f3n y adaptaci\u00f3n, abrimos el Programa de Apoyo, para personas adictas a la coca\u00edna fundamentalmente y que mantienen la estructura familiar, laboral y social, siendo pues un perfil distinto a los usuarios del Programa Base y por tanto con un tratamiento tambi\u00e9n distinto, aunque manteniendo los principios de Proyecto Hombre.<br \/>Es junto con Proyecto Joven el programa que m\u00e1s ha aumentado su demanda.<\/p><p>Se inicia el Aula de Formaci\u00f3n y Debate con el objetivo de organizar cursos y jornadas para el personal de Proyecto Hombre y abierto a la poblaci\u00f3n en general.<\/p><p><b>1999<\/b><br \/>Animados por un grupo de familiares y con una subvenci\u00f3n del Ayuntamiento de la ciudad, abrimos en C\u00e1diz un Punto de Informaci\u00f3n en 1999 donde atendemos a menores de Reforma Juvenil, a madres de afectados y a personas que se acercan pidiendo informaci\u00f3n.<\/p><p>Comenzamos con la edici\u00f3n del Bolet\u00edn M\u00edrame, con una tirada actual de 1.500 n\u00fameros, con el que pretendemos informar y sensibilizar a la poblaci\u00f3n sobre las adicciones.<\/p><p><b>2000<\/b><br \/>La prevenci\u00f3n siempre ha tenido un lugar importante para nosotros, pero queremos se\u00f1alar el a\u00f1o 2000 cuando comenzamos a implantar el programa de prevenci\u00f3n \u201cEntre todos\u201d donde no s\u00f3lo participan el alumnado, tambi\u00e9n los padres y el profesorado.<br \/>Las solicitudes han aumentado, pero pensamos que aun es insuficiente la prevenci\u00f3n que se lleva cabo por los datos que resultan de los estudios que se realizan y por las edades de los j\u00f3venes que atendemos en los programas de tratamiento.<\/p><p>Tambi\u00e9n en el a\u00f1o 2000 se celebraba en Jerez el Primer encuentro de mujeres de Comunidades Terap\u00e9uticas de Andaluc\u00eda. La mujer con problemas de adicciones, tambi\u00e9n sufre de la marginaci\u00f3n de g\u00e9nero en el \u00e1mbito familiar y social y nuestro modelo de tratamiento necesitaba de una reflexi\u00f3n, formaci\u00f3n y remodelaci\u00f3n que diera respuesta a esta realidad, y que iniciamos con anterioridad con el entonces Centro Asesor del Ayuntamiento de Jerez y continuamos con el asesoramiento de Johanna Martens, directora de la C. T. de B\u00e9lgica. Actualmente recibimos una subvenci\u00f3n del Instituto Andaluz de la mujer que facilita nuestro trabajo a este respecto.<\/p><p><b>2001<\/b><br \/>La coordinaci\u00f3n con otras organizaciones, siendo una cuesti\u00f3n dif\u00edcil ha sido otro de nuestros empe\u00f1os, siendo los beneficios evidentes. Como ejemplo la firma de convenio con la Asociaci\u00f3n Silo\u00e9 de afectados VIH\/ Sida, en el a\u00f1o 2001 o la participaci\u00f3n en diferentes eventos junto con otras organizaciones.<\/p><p><b>2002<\/b><br \/>En el mes de Marzo de 2002, en la emblem\u00e1tica ciudad de Antequera se funda la Asociaci\u00f3n Andaluza de Proyecto Hombre, siendo presidida entonces por el director de nuestro Centro. Desde que en 1985 se abriera el primer Programa en M\u00e1laga se ha ido, desde la sensibilidad de cada lugar, inaugurando otros centros hasta estar presentes en todas las provincias andaluzas.<\/p><p>El aumento en la evoluci\u00f3n del n\u00famero de las personas atendidas es m\u00e1s que evidente, superando las 2.000 anualmente. Los profesionales contratados ascienden a 240 y el voluntariado a 741 <br \/>Entre todos los reconocimientos recibidos, para todos es un orgullo la concesi\u00f3n de la Medalla de Plata de Andaluc\u00eda en 1995.<\/p><p><b>2003<\/b><br \/>Se firma un convenio con la Direcci\u00f3n General de Reforma Juvenil de la Consejer\u00eda de Justicia de la Junta de Andaluc\u00eda, donde se trata en centro de tratamiento Ambulatorio a menores que tienen que cumplir una medida y que adem\u00e1s presentan problemas de adicciones.<\/p><p>En el 2003 se organiza el I Campeonato de Golf a beneficio de Proyecto Hombre. Este tipo de actividades, fundamentales para nuestros presupuestos econ\u00f3micos, y para sentirnos apoyados por tantas personas, viene precedidos por los partidos de f\u00fatbol, la cena en Vistahermosa y en Montecastillo, las regatas en el Real Club N\u00e1utico de El Puerto de Santa Mar\u00eda, radio marat\u00f3n en Benalup, Rastrillo navide\u00f1o&#8230;<\/p><p>Las ayudas recibidas y convenios firmados con entidades privadas, fundamentalmente Cajas de Ahorros, hacen que unidos a lo anterior, podamos cubrir el presupuesto, ya que no lo conseguimos con las subvenciones de las distintas administraciones p\u00fablicas, teniendo en cuenta que las aportaciones de las personas atendidas son voluntarias, siguiendo los principios de la Carta Fundacional de Proyecto Hombre.<\/p><p><b>2004<\/b><br \/>Con la celebraci\u00f3n, en abril de 2004, del XXII Congreso mundial de Comunidades Terap\u00e9uticas en Palma de Mallorca, organizado por la Asociaci\u00f3n Proyecto Hombre, la realidad de fuera de nuestras fronteras llamaba tambi\u00e9n a nuestras puertas, ya que despu\u00e9s del intercambio con la Comunidad Terap\u00e9utica \u201cSpiegel\u201d de Bruselas y nuestra presencia en congresos celebrados en Argentina y Ecuador, participamos en este Congreso mundial con dos ponencias y un taller.<\/p><p>Presentaci\u00f3n del libro sobre Proyecto Hombre \u201cRelaciones humanas y psicoterapia\u201d de Daniel L\u00f3pez, psic\u00f3logo de nuestro centro.<\/p><p><b>2005<\/b><br \/>En el 2005 dimos el salto a la Universidad. La formaci\u00f3n es determinante para dar una respuesta adecuada a los nuevos retos, a los nuevos perfiles de adicciones y siempre se ha tenido en cuenta a lo largo de estos a\u00f1os. Despu\u00e9s de tener la experiencia de organizar varias jornadas con motivo del 5\u00ba y del 10\u00ba Aniversario de la apertura de nuestro Centro, y multitud de cursos a trav\u00e9s del Aula de Formaci\u00f3n y Debate, emprendimos unas jornadas junto con la Universidad de C\u00e1diz que finalizaron en un curso con la participaci\u00f3n de m\u00e1s de 100 alumnos.<\/p><p>Efectivamente la realidad de las adicciones en 1991 poco tiene que ver con la actual. El numero de las personas atendidas y el perfil de las mismas queda en evidencia en las graficas que aqu\u00ed presentamos, donde el incremento de Proyecto Joven y el Programa de Coca\u00edna ha desbancado al Programa Base con el cual iniciamos nuestra andadura.<\/p><p><b>2.006<\/b><br \/>Celebraci\u00f3n del XV Aniversario de la apertura de Proyecto Hombre en la provincia de C\u00e1diz, con la presencia del Presidente de la Junta de Andaluc\u00eda, Don Manuel Chaves y varios consejeros, directores generales, alcaldes, presidente de Diputaci\u00f3n y un largo etc de personalidades pol\u00edticas y sociales de nuestra provincia.<\/p><p><b>2007<\/b><br \/>El 22 de septiembre de 2007 recibimos el reconocimiento del Centro Penitenciario de Algeciras por la labor realizada por nuestra entidad.<\/p><p>La asociaci\u00f3n Vida Plena para el tratamiento alternativo de las dependencias desarroll\u00f3 en la Comunidad Terap\u00e9utica de Proyecto Hombre un programa de actividades con terapias alternativas. Estas acciones se encuadran dentro de la coordinaci\u00f3n y trabajo en red que desde Proyecto Hombre promovemos.<\/p><p>Tambi\u00e9n en el a\u00f1o 2007 la Asociaci\u00f3n Proyecto Hombre en Espa\u00f1a, de la cual somos miembro de pleno derecho, es nuevo miembro consultivo de la ONU.<\/p><p>El 15 de Octubre firma de convenio de colaboraci\u00f3n con la universidad de C\u00e1diz, por parte del Rector de la Universidad.<\/p><p><b>2008<\/b><br \/>El 18 de septiembre de 2008 cesi\u00f3n por parte del Ayuntamiento de Jerez de un solar para la construcci\u00f3n de una nueva sede.<\/p><p>Renovaci\u00f3n del convenio con el Ayuntamiento de C\u00e1diz<br \/>El 19 de octubre en el Campus Universitario de la Asunci\u00f3n en Jerez se present\u00f3 un estudio realizado sobre las pautas del consumo de drogas en los adolescentes de la provincia de C\u00e1diz<\/p><p><b>2009<\/b><br \/>Aunque la firma del convenio se llev\u00f3 a cabo en Junio de 2009, desde julio de 2007 estamos trabajando con menores, tanto espa\u00f1oles como extranjeros, del Servicio de Protecci\u00f3n de Menores de la Direcci\u00f3n General de Infancia y Familia de la Junta de Andaluc\u00eda.<\/p><p>El 4 de septiembre de 2009 nos conceden el certificado de calidad ISO 9001:2008 por Bureau Veritas.<\/p><p>Elaboraci\u00f3n del proyecto de la nueva sede.<\/p><p>En Diciembre de 2009 Premio del voluntariado de la Agencia andaluza del voluntariado, al trabajo en red a la AAPH por el trabajo realizado desde la Comisi\u00f3n del Voluntariado.<\/p><p>Celebraci\u00f3n del XX Aniversario de la fundaci\u00f3n de la Asociaci\u00f3n Amigos de Proyecto Hombre (APROHOM).<\/p><p><b>2010<\/b><br \/>Concesi\u00f3n del Premio del voluntariado \u201cManolo Blanco\u201d de Jerez, a Antonio Pazos, voluntario de nuestro centro.<\/p><p><b>2011<\/b><br \/>Celebraci\u00f3n del XX aniversario de la apertura de Proyecto Hombre, con diversas actividades.<\/p><p>Cesi\u00f3n de unos locales del Ayuntamiento de Jerez.<\/p><p><b>2012<\/b><br \/>En el mes de Octubre traslado a los nuevos locales cedidos por el Ayuntamiento de C\u00e1diz.<\/p><p>Celebraci\u00f3n en C\u00e1diz del XI Encuentro del Voluntariado de Proyecto Hombre de Andaluc\u00eda.<\/p><p><b>2013<\/b><br \/>Reconocimiento del CEPER Victoria Alba a Proyecto Hombre.<br \/>Firma de convenio con la UCA (Voluntariado)<\/p><p><b>2014<\/b><br \/>El 16 de Enero en el Monasterio de la Virgen de Regla, se firma la cesi\u00f3n de los locales de San Francisco, produci\u00e9ndose el traslado de varias oficinas a la calle corredera n\u00ba 25 el 26 de mayo, convirti\u00e9ndose en la sede social de la entidad.<br \/>Apertura del Programa de habilidades parentales. <br \/>El 10 de octubre es el \u00faltimo d\u00eda de funcionamiento de la calle lealas, pasando Acogida, Proyecto Joven y psiquiatra a la sede de calle Pizarro prolongaci\u00f3n.<\/p><p><b>2015<\/b><br \/>El 24 de febrero Luis Bononato es nombrado presidente de la Asociaci\u00f3n Proyecto Hombre de Espa\u00f1a.<br \/>Inicio del estudio \u201cAdolescentes y abuso de las tecnolog\u00edas de la informaci\u00f3n y la comunicaci\u00f3n en la provincia de C\u00e1diz\u201d <br \/>Premio \u201cManolo Blanco\u201d del Consejo local del voluntariado de Jerez al proyecto \u201cCafelito para el alma\u201d desarrollado por nuestra voluntaria Bibiana Ortega en Proyecto Joven.<\/p><p><b>2016<\/b><br \/>Celebraci\u00f3n del 25\u00ba Aniversario de la apertura de Proyecto Hombre en la provincia de C\u00e1diz, con diversas actividades. A destacar el Acto institucional en el Teatro Villamarta con la asistencia de m\u00e1s de 800 personas.<br \/>Distinci\u00f3n de la Subdelegaci\u00f3n del Gobierno en C\u00e1diz a Proyecto Hombre.<br \/>Concesi\u00f3n del Premio del Instituto Andaluz de la Juventud por los 25 a\u00f1os y el trabajo realizado con menores y j\u00f3venes.<\/p><p><b>2017<\/b><br \/>19 de marzo. Medalla de la provincia de C\u00e1diz. Excma. Diputaci\u00f3n de C\u00e1diz.<br \/>3 de mayo Reconocimiento UCA. Alumnos practicum<br \/>3 de mayo. Premio UCA. Acci\u00f3n social<br \/>5 de diciembre. Presentaci\u00f3n INT\u00c9GRATE<\/p><p><b>2018<\/b><br \/>15 de marzo. Acreditaci\u00f3n la sede en C\u00e1diz como Centro de d\u00eda.<br \/>4 de octubre. Reconocimiento tres culturas al equipo de P. Hombre<br \/>15 noviembre. Reconocimiento Fundaci\u00f3n C\u00e1diz CF<br \/>29 de Noviembre. Presentaci\u00f3n PREVENTIS<br \/>11 de Diciembre. Concesi\u00f3n II Premios Iberdrola a la APH<\/p><p><b>2019<\/b><br \/>27 de febrero. II Premio de Andaluc\u00eda a Luis B. Bononato. Excmo. Ayto. de Jerez<\/p>\t\t\t\t\t\t\t\t<\/div>\n\t\t\t\t<\/div>\n\t\t\t\t\t<\/div>\n\t\t<\/div>\n\t\t\t\t\t<\/div>\n\t\t<\/section>\n\t\t\t\t<\/div>\n\t\t","protected":false},"excerpt":{"rendered":"<p>PROYECTO HOMBRE PROVINCIA DE CADIZHISTORIA 1991 &#8211; 2015 1986 A principios del a\u00f1o 1986 un grupo de personas de Jerez, afectadas y\/o sensibilizadas por el problema de las drogodependencias, decidi\u00f3 convertirse en una gestora para formar posteriormente una Asociaci\u00f3n. 1988Este hecho ocurri\u00f3 el 15 de noviembre de 1.988 recibiendo el nombre de Asociaci\u00f3n Cometa.Este mismo &#8230; <a title=\"Historia\" class=\"read-more\" href=\"https:\/\/www.proyectohombreprovinciacadiz.org\/index.php\/historia\/\" aria-label=\"M\u00e1s en Historia\">Leer m\u00e1s<\/a><\/p>\n","protected":false},"author":1,"featured_media":0,"parent":0,"menu_order":0,"comment_status":"closed","ping_status":"closed","template":"","meta":{"footnotes":""},"class_list":["post-858","page","type-page","status-publish"],"_links":{"self":[{"href":"https:\/\/www.proyectohombreprovinciacadiz.org\/index.php\/wp-json\/wp\/v2\/pages\/858","targetHints":{"allow":["GET"]}}],"collection":[{"href":"https:\/\/www.proyectohombreprovinciacadiz.org\/index.php\/wp-json\/wp\/v2\/pages"}],"about":[{"href":"https:\/\/www.proyectohombreprovinciacadiz.org\/index.php\/wp-json\/wp\/v2\/types\/page"}],"author":[{"embeddable":true,"href":"https:\/\/www.proyectohombreprovinciacadiz.org\/index.php\/wp-json\/wp\/v2\/users\/1"}],"replies":[{"embeddable":true,"href":"https:\/\/www.proyectohombreprovinciacadiz.org\/index.php\/wp-json\/wp\/v2\/comments?post=858"}],"version-history":[{"count":2,"href":"https:\/\/www.proyectohombreprovinciacadiz.org\/index.php\/wp-json\/wp\/v2\/pages\/858\/revisions"}],"predecessor-version":[{"id":860,"href":"https:\/\/www.proyectohombreprovinciacadiz.org\/index.php\/wp-json\/wp\/v2\/pages\/858\/revisions\/860"}],"wp:attachment":[{"href":"https:\/\/www.proyectohombreprovinciacadiz.org\/index.php\/wp-json\/wp\/v2\/media?parent=858"}],"curies":[{"name":"wp","href":"https:\/\/api.w.org\/{rel}","templated":true}]}}